{"id":506,"date":"2016-08-24T11:37:38","date_gmt":"2016-08-24T09:37:38","guid":{"rendered":"http:\/\/codic-lleida.com\/es\/garantia-interiorista\/"},"modified":"2016-09-27T20:20:16","modified_gmt":"2016-09-27T18:20:16","slug":"garantia-interiorista","status":"publish","type":"page","link":"https:\/\/codic-lleida.com\/es\/garantia-interiorista\/","title":{"rendered":"Garant\u00eda de interiorista"},"content":{"rendered":"<p>[et_pb_section transparent_background=\u00bboff\u00bb background_color=\u00bb#ffffff\u00bb allow_player_pause=\u00bboff\u00bb inner_shadow=\u00bboff\u00bb parallax=\u00bboff\u00bb parallax_method=\u00bboff\u00bb padding_mobile=\u00bboff\u00bb make_fullwidth=\u00bboff\u00bb use_custom_width=\u00bboff\u00bb width_unit=\u00bbon\u00bb custom_width_px=\u00bb1080px\u00bb custom_width_percent=\u00bb80%\u00bb make_equal=\u00bboff\u00bb use_custom_gutter=\u00bboff\u00bb fullwidth=\u00bboff\u00bb specialty=\u00bboff\u00bb admin_label=\u00bbsection\u00bb module_class=\u00bbprimerasecciopag\u00bb disabled=\u00bboff\u00bb][et_pb_row make_fullwidth=\u00bboff\u00bb use_custom_width=\u00bboff\u00bb width_unit=\u00bboff\u00bb custom_width_px=\u00bb1080px\u00bb custom_width_percent=\u00bb80%\u00bb use_custom_gutter=\u00bboff\u00bb gutter_width=\u00bb2&#8243; padding_mobile=\u00bboff\u00bb allow_player_pause=\u00bboff\u00bb parallax=\u00bboff\u00bb parallax_method=\u00bbon\u00bb make_equal=\u00bboff\u00bb column_padding_mobile=\u00bbon\u00bb parallax_1=\u00bboff\u00bb parallax_method_1=\u00bbon\u00bb parallax_2=\u00bboff\u00bb parallax_method_2=\u00bbon\u00bb parallax_3=\u00bboff\u00bb parallax_method_3=\u00bbon\u00bb parallax_4=\u00bboff\u00bb parallax_method_4=\u00bbon\u00bb admin_label=\u00bbrow\u00bb disabled=\u00bboff\u00bb][et_pb_column type=\u00bb4_4&#8243; disabled=\u00bboff\u00bb parallax=\u00bboff\u00bb parallax_method=\u00bbon\u00bb column_padding_mobile=\u00bbon\u00bb][et_pb_text background_layout=\u00bblight\u00bb text_orientation=\u00bbcenter\u00bb admin_label=\u00bbgarantia interiorista\u00bb module_class=\u00bbfont_bold mida26 colortaronja margebottom0&#8243; use_border_color=\u00bboff\u00bb border_style=\u00bbsolid\u00bb disabled=\u00bboff\u00bb]<\/p>\n<h1>Garant\u00eda de interiorista<\/h1>\n<p>[\/et_pb_text][et_pb_text background_layout=\u00bblight\u00bb text_orientation=\u00bbcenter\u00bb admin_label=\u00bbText\u00bb module_class=\u00bbfont_regular mida17 textcolumnacentral strongmargetitolapartat\u00bb use_border_color=\u00bboff\u00bb border_style=\u00bbsolid\u00bb disabled=\u00bboff\u00bb]<\/p>\n<p>La figura del interiorista es clave en la personalizaci\u00f3n de un espacio, desde el asesoramiento inicial, hasta la ejecuci\u00f3n del proyecto. Sus conocimientos, tanto t\u00e9cnicos como est\u00e9ticos, hacen esta figura imprescindible en la concepci\u00f3n de un ambiente a la medida de las personas que har\u00e1n uso.<\/p>\n<p>La atenci\u00f3n a los detalles, la selecci\u00f3n de los materiales m\u00e1s indicados, tanto de mobiliario, como de acabados, el conocimiento del mercado, as\u00ed como el control del presupuesto, lo convierten en el profesional ideal para coordinar todos los agentes que intervienen en la obra de principio a final. Gracias a su intervenci\u00f3n, se consigue un resultado personalizado, a la vez que arm\u00f3nico y decoroso.<\/p>\n<p><\/p>\n<p><font face=\"GT-Walsheim-Bold, Arial\">Proyecto de interiorismo y control total del presupuesto<br \/><\/font>El decorador\/dise\u00f1ador de interiores es el profesional capaz de realizar un proyecto de interiorismo siguiendo las condiciones legales de aplicaci\u00f3n, lleva un control total del presupuesto, evitando posibles desviaciones y minimizando el riesgo a causa de los cambios imprevistos. Para elaborar un proyecto definitivo, primero hay que partir de un estudio de las necesidades, a partir del que se redacta un anteproyecto y una vez supervisado este por el cliente, se puede confeccionar el proyecto final. Por lo tanto, el proceso de trabajo tiene dos fases:<\/p>\n<p>\n<strong style=\"line-height: 1.7em;\" data-mce-style=\"line-height: 1.7em;\">Anteproyecto:&nbsp;<br \/><span style=\"font-family: GT-Walsheim-Regular, Arial;\" data-mce-style=\"font-family: GT-Walsheim-Regular, Arial;\">Es el documento que se elabora en funci\u00f3n de las necesidades detectadas.<\/span><\/strong><strong>Proyecto:&nbsp;<\/strong>Es el documento final, que incluye mediciones, y a partir del que se puede presupuestar y ejecutar la obra.<\/p>\n<p><\/p>\n<p><font face=\"GT-Walsheim-Bold, Arial\">Coordinaci\u00f3n de todo el proceso, garant\u00eda de eficiencia final<br \/><\/font>El interiorista se ocupa de la coordinaci\u00f3n, supervisi\u00f3n y seguimiento de todo el proceso de ejecuci\u00f3n del proyecto, desde el asesoramiento en la selecci\u00f3n de los materiales y del mobiliario o de los proveedores, hasta la ejecuci\u00f3n final. Esta gesti\u00f3n le permite al cliente despreocuparse de todo el desarrollo del proyecto y le evita una gesti\u00f3n, que a veces se puede transformar en descoordinaci\u00f3n entre industriales o administraci\u00f3n, y que encarece y alarga la ejecuci\u00f3n de una obra hasta convertirla en complicada.<\/p>\n<p><\/p>\n<p><font face=\"GT-Walsheim-Bold, Arial\">Sello profesional<br \/><\/font>El visado colegial certifica que el dise\u00f1ador\/decorador que firma el proyecto est\u00e1 colegiado \u2013y, por lo tanto, es un profesional autorizado- y que lo ha realizado de acuerdo con la normativa vigente.&nbsp;<\/p>\n<p><\/p>\n<p>[\/et_pb_text][\/et_pb_column][\/et_pb_row][\/et_pb_section][et_pb_section transparent_background=\u00bboff\u00bb allow_player_pause=\u00bboff\u00bb inner_shadow=\u00bboff\u00bb parallax=\u00bboff\u00bb parallax_method=\u00bbon\u00bb padding_mobile=\u00bboff\u00bb make_fullwidth=\u00bboff\u00bb use_custom_width=\u00bboff\u00bb width_unit=\u00bboff\u00bb custom_width_px=\u00bb1080px\u00bb custom_width_percent=\u00bb80%\u00bb make_equal=\u00bboff\u00bb use_custom_gutter=\u00bboff\u00bb fullwidth=\u00bboff\u00bb specialty=\u00bboff\u00bb admin_label=\u00bbSection\u00bb disabled=\u00bboff\u00bb][et_pb_row make_fullwidth=\u00bboff\u00bb use_custom_width=\u00bboff\u00bb width_unit=\u00bboff\u00bb custom_width_px=\u00bb1080px\u00bb custom_width_percent=\u00bb80%\u00bb use_custom_gutter=\u00bboff\u00bb gutter_width=\u00bb2&#8243; padding_mobile=\u00bboff\u00bb allow_player_pause=\u00bboff\u00bb parallax=\u00bboff\u00bb parallax_method=\u00bbon\u00bb make_equal=\u00bboff\u00bb column_padding_mobile=\u00bbon\u00bb parallax_1=\u00bboff\u00bb parallax_method_1=\u00bbon\u00bb parallax_2=\u00bboff\u00bb parallax_method_2=\u00bbon\u00bb parallax_3=\u00bboff\u00bb parallax_method_3=\u00bbon\u00bb parallax_4=\u00bboff\u00bb parallax_method_4=\u00bbon\u00bb admin_label=\u00bbRow\u00bb disabled=\u00bboff\u00bb][et_pb_column type=\u00bb4_4&#8243; disabled=\u00bboff\u00bb parallax=\u00bboff\u00bb parallax_method=\u00bbon\u00bb column_padding_mobile=\u00bbon\u00bb][\/et_pb_column][\/et_pb_row][\/et_pb_section]<\/p>\n","protected":false},"excerpt":{"rendered":"<p>Garant\u00eda de interioristaLa figura del interiorista es clave en la personalizaci\u00f3n de un espacio, desde el asesoramiento inicial, hasta la ejecuci\u00f3n del proyecto. Sus conocimientos, tanto t\u00e9cnicos como est\u00e9ticos, hacen esta figura imprescindible en la concepci\u00f3n de un ambiente a la medida de las personas que har\u00e1n uso.La atenci\u00f3n a los detalles, la selecci\u00f3n de [&hellip;]<\/p>\n","protected":false},"author":1,"featured_media":0,"parent":0,"menu_order":0,"comment_status":"closed","ping_status":"closed","template":"","meta":{"_acf_changed":false,"_et_pb_use_builder":"on","_et_pb_old_content":"","_et_gb_content_width":"","footnotes":""},"class_list":["post-506","page","type-page","status-publish","hentry"],"acf":[],"yoast_head":"<!-- This site is optimized with the Yoast SEO plugin v27.5 - https:\/\/yoast.com\/product\/yoast-seo-wordpress\/ -->\n<title>Garant\u00eda de interiorista - Col\u00b7legi de Dissenyadors d\u2019Interiors i Decoradors de Catalunya a Lleida<\/title>\n<meta name=\"description\" content=\"La figura del interiorista es clave en la personalizaci\u00f3n de un espacio, desde el asesoramiento inicial, hasta la ejecuci\u00f3n del proyecto. Sus conocimientos, tanto t\u00e9cnicos como est\u00e9ticos, hacen esta figura imprescindible en la concepci\u00f3n de un ambiente a la medida de las personas que har\u00e1n uso.\" \/>\n<meta name=\"robots\" content=\"index, follow, max-snippet:-1, max-image-preview:large, max-video-preview:-1\" \/>\n<link rel=\"canonical\" href=\"https:\/\/codic-lleida.com\/es\/garantia-interiorista\/\" \/>\n<meta property=\"og:locale\" content=\"es_ES\" \/>\n<meta property=\"og:type\" content=\"article\" \/>\n<meta property=\"og:title\" content=\"Garant\u00eda de interiorista - Col\u00b7legi de Dissenyadors d\u2019Interiors i Decoradors de Catalunya a Lleida\" \/>\n<meta property=\"og:description\" content=\"La figura del interiorista es clave en la personalizaci\u00f3n de un espacio, desde el asesoramiento inicial, hasta la ejecuci\u00f3n del proyecto. Sus conocimientos, tanto t\u00e9cnicos como est\u00e9ticos, hacen esta figura imprescindible en la concepci\u00f3n de un ambiente a la medida de las personas que har\u00e1n uso.\" \/>\n<meta property=\"og:url\" content=\"https:\/\/codic-lleida.com\/es\/garantia-interiorista\/\" \/>\n<meta property=\"og:site_name\" content=\"Col\u00b7legi de Dissenyadors d\u2019Interiors i Decoradors de Catalunya a Lleida\" \/>\n<meta property=\"article:publisher\" content=\"https:\/\/www.facebook.com\/CODIC.Catalunya\" \/>\n<meta property=\"article:modified_time\" content=\"2016-09-27T18:20:16+00:00\" \/>\n<meta property=\"og:image\" content=\"https:\/\/codic-lleida.com\/media\/codic-lleida-pantalla.png\" \/>\n\t<meta property=\"og:image:width\" content=\"1372\" \/>\n\t<meta property=\"og:image:height\" content=\"954\" \/>\n\t<meta property=\"og:image:type\" content=\"image\/png\" \/>\n<meta name=\"twitter:card\" content=\"summary_large_image\" \/>\n<meta name=\"twitter:site\" content=\"@CODIC_catalunya\" \/>\n<meta name=\"twitter:label1\" content=\"Tiempo de lectura\" \/>\n\t<meta name=\"twitter:data1\" content=\"4 minutos\" \/>\n<script type=\"application\/ld+json\" class=\"yoast-schema-graph\">{\"@context\":\"https:\\\/\\\/schema.org\",\"@graph\":[{\"@type\":\"WebPage\",\"@id\":\"https:\\\/\\\/codic-lleida.com\\\/es\\\/garantia-interiorista\\\/\",\"url\":\"https:\\\/\\\/codic-lleida.com\\\/es\\\/garantia-interiorista\\\/\",\"name\":\"Garant\u00eda de interiorista - Col\u00b7legi de Dissenyadors d\u2019Interiors i Decoradors de Catalunya a Lleida\",\"isPartOf\":{\"@id\":\"https:\\\/\\\/codic-lleida.com\\\/#website\"},\"datePublished\":\"2016-08-24T09:37:38+00:00\",\"dateModified\":\"2016-09-27T18:20:16+00:00\",\"description\":\"La figura del interiorista es clave en la personalizaci\u00f3n de un espacio, desde el asesoramiento inicial, hasta la ejecuci\u00f3n del proyecto. Sus conocimientos, tanto t\u00e9cnicos como est\u00e9ticos, hacen esta figura imprescindible en la concepci\u00f3n de un ambiente a la medida de las personas que har\u00e1n uso.\",\"breadcrumb\":{\"@id\":\"https:\\\/\\\/codic-lleida.com\\\/es\\\/garantia-interiorista\\\/#breadcrumb\"},\"inLanguage\":\"es\",\"potentialAction\":[{\"@type\":\"ReadAction\",\"target\":[\"https:\\\/\\\/codic-lleida.com\\\/es\\\/garantia-interiorista\\\/\"]}]},{\"@type\":\"BreadcrumbList\",\"@id\":\"https:\\\/\\\/codic-lleida.com\\\/es\\\/garantia-interiorista\\\/#breadcrumb\",\"itemListElement\":[{\"@type\":\"ListItem\",\"position\":1,\"name\":\"Inici\",\"item\":\"https:\\\/\\\/codic-lleida.com\\\/es\\\/\"},{\"@type\":\"ListItem\",\"position\":2,\"name\":\"Garant\u00eda de interiorista\"}]},{\"@type\":\"WebSite\",\"@id\":\"https:\\\/\\\/codic-lleida.com\\\/#website\",\"url\":\"https:\\\/\\\/codic-lleida.com\\\/\",\"name\":\"Col\u00b7legi de Dissenyadors d\u2019Interiors i Decoradors de Catalunya a Lleida\",\"description\":\"\",\"publisher\":{\"@id\":\"https:\\\/\\\/codic-lleida.com\\\/#organization\"},\"potentialAction\":[{\"@type\":\"SearchAction\",\"target\":{\"@type\":\"EntryPoint\",\"urlTemplate\":\"https:\\\/\\\/codic-lleida.com\\\/?s={search_term_string}\"},\"query-input\":{\"@type\":\"PropertyValueSpecification\",\"valueRequired\":true,\"valueName\":\"search_term_string\"}}],\"inLanguage\":\"es\"},{\"@type\":\"Organization\",\"@id\":\"https:\\\/\\\/codic-lleida.com\\\/#organization\",\"name\":\"Col\u00b7legi de Dissenyadors d\u2019Interiors i Decoradors de Catalunya a Lleida\",\"url\":\"https:\\\/\\\/codic-lleida.com\\\/\",\"logo\":{\"@type\":\"ImageObject\",\"inLanguage\":\"es\",\"@id\":\"https:\\\/\\\/codic-lleida.com\\\/#\\\/schema\\\/logo\\\/image\\\/\",\"url\":\"https:\\\/\\\/codic-lleida.com\\\/media\\\/CoDIC-logo-cap.png\",\"contentUrl\":\"https:\\\/\\\/codic-lleida.com\\\/media\\\/CoDIC-logo-cap.png\",\"width\":1804,\"height\":308,\"caption\":\"Col\u00b7legi de Dissenyadors d\u2019Interiors i Decoradors de Catalunya a Lleida\"},\"image\":{\"@id\":\"https:\\\/\\\/codic-lleida.com\\\/#\\\/schema\\\/logo\\\/image\\\/\"},\"sameAs\":[\"https:\\\/\\\/www.facebook.com\\\/CODIC.Catalunya\",\"https:\\\/\\\/x.com\\\/CODIC_catalunya\",\"https:\\\/\\\/www.instagram.com\\\/c_o_d_i_c\\\/\"]}]}<\/script>\n<!-- \/ Yoast SEO plugin. -->","yoast_head_json":{"title":"Garant\u00eda de interiorista - Col\u00b7legi de Dissenyadors d\u2019Interiors i Decoradors de Catalunya a Lleida","description":"La figura del interiorista es clave en la personalizaci\u00f3n de un espacio, desde el asesoramiento inicial, hasta la ejecuci\u00f3n del proyecto. Sus conocimientos, tanto t\u00e9cnicos como est\u00e9ticos, hacen esta figura imprescindible en la concepci\u00f3n de un ambiente a la medida de las personas que har\u00e1n uso.","robots":{"index":"index","follow":"follow","max-snippet":"max-snippet:-1","max-image-preview":"max-image-preview:large","max-video-preview":"max-video-preview:-1"},"canonical":"https:\/\/codic-lleida.com\/es\/garantia-interiorista\/","og_locale":"es_ES","og_type":"article","og_title":"Garant\u00eda de interiorista - Col\u00b7legi de Dissenyadors d\u2019Interiors i Decoradors de Catalunya a Lleida","og_description":"La figura del interiorista es clave en la personalizaci\u00f3n de un espacio, desde el asesoramiento inicial, hasta la ejecuci\u00f3n del proyecto. Sus conocimientos, tanto t\u00e9cnicos como est\u00e9ticos, hacen esta figura imprescindible en la concepci\u00f3n de un ambiente a la medida de las personas que har\u00e1n uso.","og_url":"https:\/\/codic-lleida.com\/es\/garantia-interiorista\/","og_site_name":"Col\u00b7legi de Dissenyadors d\u2019Interiors i Decoradors de Catalunya a Lleida","article_publisher":"https:\/\/www.facebook.com\/CODIC.Catalunya","article_modified_time":"2016-09-27T18:20:16+00:00","og_image":[{"width":1372,"height":954,"url":"https:\/\/codic-lleida.com\/media\/codic-lleida-pantalla.png","type":"image\/png"}],"twitter_card":"summary_large_image","twitter_site":"@CODIC_catalunya","twitter_misc":{"Tiempo de lectura":"4 minutos"},"schema":{"@context":"https:\/\/schema.org","@graph":[{"@type":"WebPage","@id":"https:\/\/codic-lleida.com\/es\/garantia-interiorista\/","url":"https:\/\/codic-lleida.com\/es\/garantia-interiorista\/","name":"Garant\u00eda de interiorista - Col\u00b7legi de Dissenyadors d\u2019Interiors i Decoradors de Catalunya a Lleida","isPartOf":{"@id":"https:\/\/codic-lleida.com\/#website"},"datePublished":"2016-08-24T09:37:38+00:00","dateModified":"2016-09-27T18:20:16+00:00","description":"La figura del interiorista es clave en la personalizaci\u00f3n de un espacio, desde el asesoramiento inicial, hasta la ejecuci\u00f3n del proyecto. Sus conocimientos, tanto t\u00e9cnicos como est\u00e9ticos, hacen esta figura imprescindible en la concepci\u00f3n de un ambiente a la medida de las personas que har\u00e1n uso.","breadcrumb":{"@id":"https:\/\/codic-lleida.com\/es\/garantia-interiorista\/#breadcrumb"},"inLanguage":"es","potentialAction":[{"@type":"ReadAction","target":["https:\/\/codic-lleida.com\/es\/garantia-interiorista\/"]}]},{"@type":"BreadcrumbList","@id":"https:\/\/codic-lleida.com\/es\/garantia-interiorista\/#breadcrumb","itemListElement":[{"@type":"ListItem","position":1,"name":"Inici","item":"https:\/\/codic-lleida.com\/es\/"},{"@type":"ListItem","position":2,"name":"Garant\u00eda de interiorista"}]},{"@type":"WebSite","@id":"https:\/\/codic-lleida.com\/#website","url":"https:\/\/codic-lleida.com\/","name":"Col\u00b7legi de Dissenyadors d\u2019Interiors i Decoradors de Catalunya a Lleida","description":"","publisher":{"@id":"https:\/\/codic-lleida.com\/#organization"},"potentialAction":[{"@type":"SearchAction","target":{"@type":"EntryPoint","urlTemplate":"https:\/\/codic-lleida.com\/?s={search_term_string}"},"query-input":{"@type":"PropertyValueSpecification","valueRequired":true,"valueName":"search_term_string"}}],"inLanguage":"es"},{"@type":"Organization","@id":"https:\/\/codic-lleida.com\/#organization","name":"Col\u00b7legi de Dissenyadors d\u2019Interiors i Decoradors de Catalunya a Lleida","url":"https:\/\/codic-lleida.com\/","logo":{"@type":"ImageObject","inLanguage":"es","@id":"https:\/\/codic-lleida.com\/#\/schema\/logo\/image\/","url":"https:\/\/codic-lleida.com\/media\/CoDIC-logo-cap.png","contentUrl":"https:\/\/codic-lleida.com\/media\/CoDIC-logo-cap.png","width":1804,"height":308,"caption":"Col\u00b7legi de Dissenyadors d\u2019Interiors i Decoradors de Catalunya a Lleida"},"image":{"@id":"https:\/\/codic-lleida.com\/#\/schema\/logo\/image\/"},"sameAs":["https:\/\/www.facebook.com\/CODIC.Catalunya","https:\/\/x.com\/CODIC_catalunya","https:\/\/www.instagram.com\/c_o_d_i_c\/"]}]}},"_links":{"self":[{"href":"https:\/\/codic-lleida.com\/es\/wp-json\/wp\/v2\/pages\/506","targetHints":{"allow":["GET"]}}],"collection":[{"href":"https:\/\/codic-lleida.com\/es\/wp-json\/wp\/v2\/pages"}],"about":[{"href":"https:\/\/codic-lleida.com\/es\/wp-json\/wp\/v2\/types\/page"}],"author":[{"embeddable":true,"href":"https:\/\/codic-lleida.com\/es\/wp-json\/wp\/v2\/users\/1"}],"replies":[{"embeddable":true,"href":"https:\/\/codic-lleida.com\/es\/wp-json\/wp\/v2\/comments?post=506"}],"version-history":[{"count":3,"href":"https:\/\/codic-lleida.com\/es\/wp-json\/wp\/v2\/pages\/506\/revisions"}],"predecessor-version":[{"id":534,"href":"https:\/\/codic-lleida.com\/es\/wp-json\/wp\/v2\/pages\/506\/revisions\/534"}],"wp:attachment":[{"href":"https:\/\/codic-lleida.com\/es\/wp-json\/wp\/v2\/media?parent=506"}],"curies":[{"name":"wp","href":"https:\/\/api.w.org\/{rel}","templated":true}]}}