{"id":502,"date":"2016-08-24T11:36:49","date_gmt":"2016-08-24T09:36:49","guid":{"rendered":"http:\/\/codic-lleida.com\/es\/inici\/"},"modified":"2016-10-04T11:33:59","modified_gmt":"2016-10-04T09:33:59","slug":"inicio","status":"publish","type":"page","link":"https:\/\/codic-lleida.com\/es\/","title":{"rendered":"inicio"},"content":{"rendered":"<p>[et_pb_section transparent_background=\u00bboff\u00bb allow_player_pause=\u00bboff\u00bb inner_shadow=\u00bboff\u00bb parallax=\u00bboff\u00bb parallax_method=\u00bbon\u00bb padding_mobile=\u00bboff\u00bb make_fullwidth=\u00bboff\u00bb use_custom_width=\u00bboff\u00bb width_unit=\u00bboff\u00bb custom_width_px=\u00bb1080px\u00bb custom_width_percent=\u00bb80%\u00bb make_equal=\u00bboff\u00bb use_custom_gutter=\u00bboff\u00bb fullwidth=\u00bbon\u00bb specialty=\u00bboff\u00bb admin_label=\u00bbSection\u00bb disabled=\u00bboff\u00bb][et_pb_fullwidth_slider show_arrows=\u00bboff\u00bb show_pagination=\u00bboff\u00bb auto=\u00bbon\u00bb auto_speed=\u00bb5000&#8243; auto_ignore_hover=\u00bboff\u00bb parallax=\u00bboff\u00bb parallax_method=\u00bboff\u00bb remove_inner_shadow=\u00bbon\u00bb background_position=\u00bbdefault\u00bb background_size=\u00bbdefault\u00bb hide_content_on_mobile=\u00bboff\u00bb hide_cta_on_mobile=\u00bboff\u00bb show_image_video_mobile=\u00bboff\u00bb admin_label=\u00bbFullwidth Slider\u00bb custom_button=\u00bboff\u00bb button_text_size=\u00bb20&#8243; button_letter_spacing=\u00bb0&#8243; button_use_icon=\u00bbdefault\u00bb button_icon_placement=\u00bbright\u00bb button_on_hover=\u00bbon\u00bb button_letter_spacing_hover=\u00bb0&#8243; disabled=\u00bboff\u00bb][et_pb_slide heading=\u00bbEl colegio\u00bb button_link=\u00bb#\u00bb background_image=\u00bbhttps:\/\/codic-lleida.com\/media\/CoDIC-Lleida-1.jpg\u00bb background_position=\u00bbdefault\u00bb background_size=\u00bbdefault\u00bb background_color=\u00bb#ffffff\u00bb use_bg_overlay=\u00bboff\u00bb use_text_overlay=\u00bbon\u00bb text_overlay_color=\u00bbrgba(255,255,255,0.56)\u00bb alignment=\u00bbcenter\u00bb background_layout=\u00bblight\u00bb allow_player_pause=\u00bboff\u00bb text_border_radius=\u00bb3&#8243; header_font=\u00bb||||\u00bb body_font=\u00bb||||\u00bb custom_button=\u00bboff\u00bb button_font=\u00bb||||\u00bb button_use_icon=\u00bbdefault\u00bb button_icon_placement=\u00bbright\u00bb button_on_hover=\u00bbon\u00bb disabled=\u00bboff\u00bb]<\/p>\n<p style=\"text-align: center;\">El Col\u00b7legi de Dissenyadors d\u2019Interiors i Decoradors de Catalunya en Lleida es una entidad de derecho p\u00fablico que vela por la profesi\u00f3n y hace compatibles los intereses de sus colegiados y de la sociedad a la que dan servicio dentro del \u00e1mbito territorial de Catalunya. Tambi\u00e9n controla la deontolog\u00eda profesional de sus miembros.<\/p>\n<p style=\"text-align: center;\"><a href=\"el-colegio-y-la-junta\/\">M\u00e1s informaci\u00f3n<\/a><\/p>\n<p>[\/et_pb_slide][et_pb_slide heading=\u00bbEl colegio\u00bb button_link=\u00bb#\u00bb background_image=\u00bbhttps:\/\/codic-lleida.com\/media\/CoDIC-Lleida-2.jpg\u00bb background_position=\u00bbdefault\u00bb background_size=\u00bbdefault\u00bb background_color=\u00bb#ffffff\u00bb use_bg_overlay=\u00bboff\u00bb use_text_overlay=\u00bbon\u00bb text_overlay_color=\u00bbrgba(255,255,255,0.56)\u00bb alignment=\u00bbcenter\u00bb background_layout=\u00bblight\u00bb allow_player_pause=\u00bboff\u00bb text_border_radius=\u00bb3&#8243; header_font=\u00bb||||\u00bb body_font=\u00bb||||\u00bb custom_button=\u00bboff\u00bb button_font=\u00bb||||\u00bb button_use_icon=\u00bbdefault\u00bb button_icon_placement=\u00bbright\u00bb button_on_hover=\u00bbon\u00bb disabled=\u00bboff\u00bb]<\/p>\n<p style=\"text-align: center;\">El Col\u00b7legi de Dissenyadors d\u2019Interiors i Decoradors de Catalunya en Lleida es una entidad de derecho p\u00fablico que vela por la profesi\u00f3n y hace compatibles los intereses de sus colegiados y de la sociedad a la que dan servicio dentro del \u00e1mbito territorial de Catalunya. Tambi\u00e9n controla la deontolog\u00eda profesional de sus miembros.<\/p>\n<p style=\"text-align: center;\"><a href=\"el-colegio-y-la-junta\/\">M\u00e1s informaci\u00f3n<\/a><\/p>\n<p>[\/et_pb_slide][et_pb_slide heading=\u00bbEl colegio\u00bb button_link=\u00bb#\u00bb background_image=\u00bbhttps:\/\/codic-lleida.com\/media\/CoDIC-Lleida-3.jpg\u00bb background_position=\u00bbdefault\u00bb background_size=\u00bbdefault\u00bb background_color=\u00bb#ffffff\u00bb use_bg_overlay=\u00bboff\u00bb use_text_overlay=\u00bbon\u00bb text_overlay_color=\u00bbrgba(255,255,255,0.56)\u00bb alignment=\u00bbcenter\u00bb background_layout=\u00bblight\u00bb allow_player_pause=\u00bboff\u00bb text_border_radius=\u00bb3&#8243; header_font=\u00bb||||\u00bb body_font=\u00bb||||\u00bb custom_button=\u00bboff\u00bb button_font=\u00bb||||\u00bb button_use_icon=\u00bbdefault\u00bb button_icon_placement=\u00bbright\u00bb button_on_hover=\u00bbon\u00bb disabled=\u00bboff\u00bb]<\/p>\n<p style=\"text-align: center;\">El Col\u00b7legi de Dissenyadors d\u2019Interiors i Decoradors de Catalunya en Lleida es una entidad de derecho p\u00fablico que vela por la profesi\u00f3n y hace compatibles los intereses de sus colegiados y de la sociedad a la que dan servicio dentro del \u00e1mbito territorial de Catalunya. Tambi\u00e9n controla la deontolog\u00eda profesional de sus miembros.<\/p>\n<p style=\"text-align: center;\"><a href=\"el-colegio-y-la-junta\/\">M\u00e1s informaci\u00f3n<\/a><\/p>\n<p>[\/et_pb_slide][et_pb_slide heading=\u00bbEl colegio\u00bb button_link=\u00bb#\u00bb background_image=\u00bbhttps:\/\/codic-lleida.com\/media\/CoDIC-Lleida-4.jpg\u00bb background_position=\u00bbdefault\u00bb background_size=\u00bbdefault\u00bb background_color=\u00bb#ffffff\u00bb use_bg_overlay=\u00bboff\u00bb use_text_overlay=\u00bbon\u00bb text_overlay_color=\u00bbrgba(255,255,255,0.56)\u00bb alignment=\u00bbcenter\u00bb background_layout=\u00bblight\u00bb allow_player_pause=\u00bboff\u00bb text_border_radius=\u00bb3&#8243; header_font=\u00bb||||\u00bb body_font=\u00bb||||\u00bb custom_button=\u00bboff\u00bb button_font=\u00bb||||\u00bb button_use_icon=\u00bbdefault\u00bb button_icon_placement=\u00bbright\u00bb button_on_hover=\u00bbon\u00bb disabled=\u00bboff\u00bb]<\/p>\n<p style=\"text-align: center;\">El Col\u00b7legi de Dissenyadors d\u2019Interiors i Decoradors de Catalunya en Lleida es una entidad de derecho p\u00fablico que vela por la profesi\u00f3n y hace compatibles los intereses de sus colegiados y de la sociedad a la que dan servicio dentro del \u00e1mbito territorial de Catalunya. Tambi\u00e9n controla la deontolog\u00eda profesional de sus miembros.<\/p>\n<p style=\"text-align: center;\"><a href=\"el-colegio-y-la-junta\/\">M\u00e1s informaci\u00f3n<\/a><\/p>\n<p>[\/et_pb_slide][et_pb_slide heading=\u00bbEl colegio\u00bb button_link=\u00bb#\u00bb background_image=\u00bbhttps:\/\/codic-lleida.com\/media\/CoDIC-Lleida-5.jpg\u00bb background_position=\u00bbdefault\u00bb background_size=\u00bbdefault\u00bb background_color=\u00bb#ffffff\u00bb use_bg_overlay=\u00bboff\u00bb use_text_overlay=\u00bbon\u00bb text_overlay_color=\u00bbrgba(255,255,255,0.56)\u00bb alignment=\u00bbcenter\u00bb background_layout=\u00bblight\u00bb allow_player_pause=\u00bboff\u00bb text_border_radius=\u00bb3&#8243; header_font=\u00bb||||\u00bb body_font=\u00bb||||\u00bb custom_button=\u00bboff\u00bb button_font=\u00bb||||\u00bb button_use_icon=\u00bbdefault\u00bb button_icon_placement=\u00bbright\u00bb button_on_hover=\u00bbon\u00bb disabled=\u00bboff\u00bb]<\/p>\n<p style=\"text-align: center;\">El Col\u00b7legi de Dissenyadors d\u2019Interiors i Decoradors de Catalunya en Lleida es una entidad de derecho p\u00fablico que vela por la profesi\u00f3n y hace compatibles los intereses de sus colegiados y de la sociedad a la que dan servicio dentro del \u00e1mbito territorial de Catalunya. Tambi\u00e9n controla la deontolog\u00eda profesional de sus miembros.<\/p>\n<p style=\"text-align: center;\"><a href=\"el-colegio-y-la-junta\/\">M\u00e1s informaci\u00f3n<\/a><\/p>\n<p>[\/et_pb_slide][\/et_pb_fullwidth_slider][\/et_pb_section][et_pb_section transparent_background=\u00bboff\u00bb allow_player_pause=\u00bboff\u00bb inner_shadow=\u00bboff\u00bb parallax=\u00bboff\u00bb parallax_method=\u00bbon\u00bb padding_mobile=\u00bboff\u00bb make_fullwidth=\u00bboff\u00bb use_custom_width=\u00bboff\u00bb width_unit=\u00bboff\u00bb custom_width_px=\u00bb1080px\u00bb custom_width_percent=\u00bb80%\u00bb make_equal=\u00bboff\u00bb use_custom_gutter=\u00bboff\u00bb fullwidth=\u00bboff\u00bb specialty=\u00bboff\u00bb admin_label=\u00bbSection\u00bb disabled=\u00bboff\u00bb][et_pb_row make_fullwidth=\u00bboff\u00bb use_custom_width=\u00bboff\u00bb width_unit=\u00bbon\u00bb custom_width_px=\u00bb1080px\u00bb custom_width_percent=\u00bb80%\u00bb use_custom_gutter=\u00bboff\u00bb gutter_width=\u00bb2&#8243; padding_mobile=\u00bboff\u00bb allow_player_pause=\u00bboff\u00bb parallax=\u00bboff\u00bb parallax_method=\u00bboff\u00bb make_equal=\u00bboff\u00bb column_padding_mobile=\u00bbon\u00bb parallax_1=\u00bboff\u00bb parallax_method_1=\u00bboff\u00bb parallax_2=\u00bboff\u00bb parallax_method_2=\u00bboff\u00bb parallax_3=\u00bboff\u00bb parallax_method_3=\u00bbon\u00bb parallax_4=\u00bboff\u00bb parallax_method_4=\u00bbon\u00bb admin_label=\u00bbRow\u00bb disabled=\u00bboff\u00bb][et_pb_column type=\u00bb1_2&#8243; disabled=\u00bboff\u00bb parallax=\u00bboff\u00bb parallax_method=\u00bboff\u00bb column_padding_mobile=\u00bbon\u00bb][et_pb_code admin_label=\u00bbCode\u00bb module_class=\u00bbfonstaronja ctahome font_blanca font_ultrabold mida26&#8243; disabled=\u00bboff\u00bb]<a title=\"\u00bfpor qu\u00e9 colegiarse?\" href=\"https:\/\/codic-lleida.com\/es\/servicios\/\">\u00bfpor qu\u00e9 colegiarse?<\/a>[\/et_pb_code][\/et_pb_column][et_pb_column type=\u00bb1_2&#8243; disabled=\u00bboff\u00bb parallax=\u00bboff\u00bb parallax_method=\u00bboff\u00bb column_padding_mobile=\u00bbon\u00bb][et_pb_code admin_label=\u00bbCode\u00bb module_class=\u00bbfonsverd ctahome font_blanca font_ultrabold mida26&#8243; disabled=\u00bboff\u00bb]<a title=\"\u00bfpor qu\u00e9 contratar a un interiorista? \" href=\"https:\/\/codic-lleida.com\/es\/garantia-interiorista\/\">\u00bfpor qu\u00e9 contratar a un interiorista? <\/a>[\/et_pb_code][\/et_pb_column][\/et_pb_row][\/et_pb_section][et_pb_section transparent_background=\u00bboff\u00bb background_color=\u00bb#ffffff\u00bb allow_player_pause=\u00bboff\u00bb inner_shadow=\u00bboff\u00bb parallax=\u00bboff\u00bb parallax_method=\u00bboff\u00bb custom_padding=\u00bb40px||0px|\u00bb custom_padding_tablet=\u00bb0px||0px|\u00bb padding_mobile=\u00bbon\u00bb make_fullwidth=\u00bboff\u00bb use_custom_width=\u00bboff\u00bb width_unit=\u00bbon\u00bb custom_width_px=\u00bb1080px\u00bb custom_width_percent=\u00bb80%\u00bb make_equal=\u00bboff\u00bb use_custom_gutter=\u00bboff\u00bb fullwidth=\u00bboff\u00bb specialty=\u00bboff\u00bb admin_label=\u00bbSection\u00bb disabled=\u00bboff\u00bb][et_pb_row make_fullwidth=\u00bboff\u00bb use_custom_width=\u00bboff\u00bb width_unit=\u00bboff\u00bb custom_width_px=\u00bb1080px\u00bb custom_width_percent=\u00bb80%\u00bb use_custom_gutter=\u00bboff\u00bb gutter_width=\u00bb2&#8243; padding_mobile=\u00bboff\u00bb allow_player_pause=\u00bboff\u00bb parallax=\u00bboff\u00bb parallax_method=\u00bbon\u00bb make_equal=\u00bboff\u00bb column_padding_mobile=\u00bbon\u00bb parallax_1=\u00bboff\u00bb parallax_method_1=\u00bbon\u00bb parallax_2=\u00bboff\u00bb parallax_method_2=\u00bbon\u00bb parallax_3=\u00bboff\u00bb parallax_method_3=\u00bbon\u00bb parallax_4=\u00bboff\u00bb parallax_method_4=\u00bbon\u00bb admin_label=\u00bbRow\u00bb disabled=\u00bboff\u00bb][et_pb_column type=\u00bb4_4&#8243; disabled=\u00bboff\u00bb parallax=\u00bboff\u00bb parallax_method=\u00bbon\u00bb column_padding_mobile=\u00bbon\u00bb][\/et_pb_column][\/et_pb_row][\/et_pb_section]<\/p>\n","protected":false},"excerpt":{"rendered":"<p>El Col\u00b7legi de Dissenyadors d\u2019Interiors i Decoradors de Catalunya en Lleida es una entidad de derecho p\u00fablico que vela por la profesi\u00f3n y hace compatibles los intereses de sus colegiados y de la sociedad a la que dan servicio dentro del \u00e1mbito territorial de Catalunya. Tambi\u00e9n controla la deontolog\u00eda profesional de sus miembros. M\u00e1s informaci\u00f3n [&hellip;]<\/p>\n","protected":false},"author":1,"featured_media":0,"parent":0,"menu_order":0,"comment_status":"closed","ping_status":"closed","template":"","meta":{"_acf_changed":false,"_et_pb_use_builder":"on","_et_pb_old_content":"","_et_gb_content_width":"","footnotes":""},"class_list":["post-502","page","type-page","status-publish","hentry"],"acf":[],"yoast_head":"<!-- This site is optimized with the Yoast SEO plugin v27.5 - https:\/\/yoast.com\/product\/yoast-seo-wordpress\/ -->\n<title>Col\u00b7legi de Dissenyadors d\u2019Interiors i Decoradors de Catalunya a Lleida<\/title>\n<meta name=\"description\" content=\"Entidad de derecho p\u00fablico que vela por la profesi\u00f3n y hace compatibles los intereses de sus colegiados y de la sociedad a la que dan servicio en Lleida.\" \/>\n<meta name=\"robots\" content=\"index, follow, max-snippet:-1, max-image-preview:large, max-video-preview:-1\" \/>\n<link rel=\"canonical\" href=\"https:\/\/codic-lleida.com\/es\/\" \/>\n<meta property=\"og:locale\" content=\"es_ES\" \/>\n<meta property=\"og:type\" content=\"article\" \/>\n<meta property=\"og:title\" content=\"Col\u00b7legi de Dissenyadors d\u2019Interiors i Decoradors de Catalunya a Lleida\" \/>\n<meta property=\"og:description\" content=\"Entidad de derecho p\u00fablico que vela por la profesi\u00f3n y hace compatibles los intereses de sus colegiados y de la sociedad a la que dan servicio en Lleida.\" \/>\n<meta property=\"og:url\" content=\"https:\/\/codic-lleida.com\/es\/\" \/>\n<meta property=\"og:site_name\" content=\"Col\u00b7legi de Dissenyadors d\u2019Interiors i Decoradors de Catalunya a Lleida\" \/>\n<meta property=\"article:publisher\" content=\"https:\/\/www.facebook.com\/CODIC.Catalunya\" \/>\n<meta property=\"article:modified_time\" content=\"2016-10-04T09:33:59+00:00\" \/>\n<meta property=\"og:image\" content=\"https:\/\/codic-lleida.com\/media\/codic-lleida-pantalla.png\" \/>\n\t<meta property=\"og:image:width\" content=\"1372\" \/>\n\t<meta property=\"og:image:height\" content=\"954\" \/>\n\t<meta property=\"og:image:type\" content=\"image\/png\" \/>\n<meta name=\"twitter:card\" content=\"summary_large_image\" \/>\n<meta name=\"twitter:site\" content=\"@CODIC_catalunya\" \/>\n<meta name=\"twitter:label1\" content=\"Tiempo de lectura\" \/>\n\t<meta name=\"twitter:data1\" content=\"6 minutos\" \/>\n<script type=\"application\/ld+json\" class=\"yoast-schema-graph\">{\"@context\":\"https:\\\/\\\/schema.org\",\"@graph\":[{\"@type\":\"WebPage\",\"@id\":\"https:\\\/\\\/codic-lleida.com\\\/es\\\/\",\"url\":\"https:\\\/\\\/codic-lleida.com\\\/es\\\/\",\"name\":\"Col\u00b7legi de Dissenyadors d\u2019Interiors i Decoradors de Catalunya a Lleida\",\"isPartOf\":{\"@id\":\"https:\\\/\\\/codic-lleida.com\\\/#website\"},\"datePublished\":\"2016-08-24T09:36:49+00:00\",\"dateModified\":\"2016-10-04T09:33:59+00:00\",\"description\":\"Entidad de derecho p\u00fablico que vela por la profesi\u00f3n y hace compatibles los intereses de sus colegiados y de la sociedad a la que dan servicio en Lleida.\",\"breadcrumb\":{\"@id\":\"https:\\\/\\\/codic-lleida.com\\\/es\\\/#breadcrumb\"},\"inLanguage\":\"es\",\"potentialAction\":[{\"@type\":\"ReadAction\",\"target\":[\"https:\\\/\\\/codic-lleida.com\\\/es\\\/\"]}]},{\"@type\":\"BreadcrumbList\",\"@id\":\"https:\\\/\\\/codic-lleida.com\\\/es\\\/#breadcrumb\",\"itemListElement\":[{\"@type\":\"ListItem\",\"position\":1,\"name\":\"Inici\",\"item\":\"https:\\\/\\\/codic-lleida.com\\\/es\\\/\"},{\"@type\":\"ListItem\",\"position\":2,\"name\":\"inicio\"}]},{\"@type\":\"WebSite\",\"@id\":\"https:\\\/\\\/codic-lleida.com\\\/#website\",\"url\":\"https:\\\/\\\/codic-lleida.com\\\/\",\"name\":\"Col\u00b7legi de Dissenyadors d\u2019Interiors i Decoradors de Catalunya a Lleida\",\"description\":\"\",\"publisher\":{\"@id\":\"https:\\\/\\\/codic-lleida.com\\\/#organization\"},\"potentialAction\":[{\"@type\":\"SearchAction\",\"target\":{\"@type\":\"EntryPoint\",\"urlTemplate\":\"https:\\\/\\\/codic-lleida.com\\\/?s={search_term_string}\"},\"query-input\":{\"@type\":\"PropertyValueSpecification\",\"valueRequired\":true,\"valueName\":\"search_term_string\"}}],\"inLanguage\":\"es\"},{\"@type\":\"Organization\",\"@id\":\"https:\\\/\\\/codic-lleida.com\\\/#organization\",\"name\":\"Col\u00b7legi de Dissenyadors d\u2019Interiors i Decoradors de Catalunya a Lleida\",\"url\":\"https:\\\/\\\/codic-lleida.com\\\/\",\"logo\":{\"@type\":\"ImageObject\",\"inLanguage\":\"es\",\"@id\":\"https:\\\/\\\/codic-lleida.com\\\/#\\\/schema\\\/logo\\\/image\\\/\",\"url\":\"https:\\\/\\\/codic-lleida.com\\\/media\\\/CoDIC-logo-cap.png\",\"contentUrl\":\"https:\\\/\\\/codic-lleida.com\\\/media\\\/CoDIC-logo-cap.png\",\"width\":1804,\"height\":308,\"caption\":\"Col\u00b7legi de Dissenyadors d\u2019Interiors i Decoradors de Catalunya a Lleida\"},\"image\":{\"@id\":\"https:\\\/\\\/codic-lleida.com\\\/#\\\/schema\\\/logo\\\/image\\\/\"},\"sameAs\":[\"https:\\\/\\\/www.facebook.com\\\/CODIC.Catalunya\",\"https:\\\/\\\/x.com\\\/CODIC_catalunya\",\"https:\\\/\\\/www.instagram.com\\\/c_o_d_i_c\\\/\"]}]}<\/script>\n<!-- \/ Yoast SEO plugin. -->","yoast_head_json":{"title":"Col\u00b7legi de Dissenyadors d\u2019Interiors i Decoradors de Catalunya a Lleida","description":"Entidad de derecho p\u00fablico que vela por la profesi\u00f3n y hace compatibles los intereses de sus colegiados y de la sociedad a la que dan servicio en Lleida.","robots":{"index":"index","follow":"follow","max-snippet":"max-snippet:-1","max-image-preview":"max-image-preview:large","max-video-preview":"max-video-preview:-1"},"canonical":"https:\/\/codic-lleida.com\/es\/","og_locale":"es_ES","og_type":"article","og_title":"Col\u00b7legi de Dissenyadors d\u2019Interiors i Decoradors de Catalunya a Lleida","og_description":"Entidad de derecho p\u00fablico que vela por la profesi\u00f3n y hace compatibles los intereses de sus colegiados y de la sociedad a la que dan servicio en Lleida.","og_url":"https:\/\/codic-lleida.com\/es\/","og_site_name":"Col\u00b7legi de Dissenyadors d\u2019Interiors i Decoradors de Catalunya a Lleida","article_publisher":"https:\/\/www.facebook.com\/CODIC.Catalunya","article_modified_time":"2016-10-04T09:33:59+00:00","og_image":[{"width":1372,"height":954,"url":"https:\/\/codic-lleida.com\/media\/codic-lleida-pantalla.png","type":"image\/png"}],"twitter_card":"summary_large_image","twitter_site":"@CODIC_catalunya","twitter_misc":{"Tiempo de lectura":"6 minutos"},"schema":{"@context":"https:\/\/schema.org","@graph":[{"@type":"WebPage","@id":"https:\/\/codic-lleida.com\/es\/","url":"https:\/\/codic-lleida.com\/es\/","name":"Col\u00b7legi de Dissenyadors d\u2019Interiors i Decoradors de Catalunya a Lleida","isPartOf":{"@id":"https:\/\/codic-lleida.com\/#website"},"datePublished":"2016-08-24T09:36:49+00:00","dateModified":"2016-10-04T09:33:59+00:00","description":"Entidad de derecho p\u00fablico que vela por la profesi\u00f3n y hace compatibles los intereses de sus colegiados y de la sociedad a la que dan servicio en Lleida.","breadcrumb":{"@id":"https:\/\/codic-lleida.com\/es\/#breadcrumb"},"inLanguage":"es","potentialAction":[{"@type":"ReadAction","target":["https:\/\/codic-lleida.com\/es\/"]}]},{"@type":"BreadcrumbList","@id":"https:\/\/codic-lleida.com\/es\/#breadcrumb","itemListElement":[{"@type":"ListItem","position":1,"name":"Inici","item":"https:\/\/codic-lleida.com\/es\/"},{"@type":"ListItem","position":2,"name":"inicio"}]},{"@type":"WebSite","@id":"https:\/\/codic-lleida.com\/#website","url":"https:\/\/codic-lleida.com\/","name":"Col\u00b7legi de Dissenyadors d\u2019Interiors i Decoradors de Catalunya a Lleida","description":"","publisher":{"@id":"https:\/\/codic-lleida.com\/#organization"},"potentialAction":[{"@type":"SearchAction","target":{"@type":"EntryPoint","urlTemplate":"https:\/\/codic-lleida.com\/?s={search_term_string}"},"query-input":{"@type":"PropertyValueSpecification","valueRequired":true,"valueName":"search_term_string"}}],"inLanguage":"es"},{"@type":"Organization","@id":"https:\/\/codic-lleida.com\/#organization","name":"Col\u00b7legi de Dissenyadors d\u2019Interiors i Decoradors de Catalunya a Lleida","url":"https:\/\/codic-lleida.com\/","logo":{"@type":"ImageObject","inLanguage":"es","@id":"https:\/\/codic-lleida.com\/#\/schema\/logo\/image\/","url":"https:\/\/codic-lleida.com\/media\/CoDIC-logo-cap.png","contentUrl":"https:\/\/codic-lleida.com\/media\/CoDIC-logo-cap.png","width":1804,"height":308,"caption":"Col\u00b7legi de Dissenyadors d\u2019Interiors i Decoradors de Catalunya a Lleida"},"image":{"@id":"https:\/\/codic-lleida.com\/#\/schema\/logo\/image\/"},"sameAs":["https:\/\/www.facebook.com\/CODIC.Catalunya","https:\/\/x.com\/CODIC_catalunya","https:\/\/www.instagram.com\/c_o_d_i_c\/"]}]}},"_links":{"self":[{"href":"https:\/\/codic-lleida.com\/es\/wp-json\/wp\/v2\/pages\/502","targetHints":{"allow":["GET"]}}],"collection":[{"href":"https:\/\/codic-lleida.com\/es\/wp-json\/wp\/v2\/pages"}],"about":[{"href":"https:\/\/codic-lleida.com\/es\/wp-json\/wp\/v2\/types\/page"}],"author":[{"embeddable":true,"href":"https:\/\/codic-lleida.com\/es\/wp-json\/wp\/v2\/users\/1"}],"replies":[{"embeddable":true,"href":"https:\/\/codic-lleida.com\/es\/wp-json\/wp\/v2\/comments?post=502"}],"version-history":[{"count":4,"href":"https:\/\/codic-lleida.com\/es\/wp-json\/wp\/v2\/pages\/502\/revisions"}],"predecessor-version":[{"id":867,"href":"https:\/\/codic-lleida.com\/es\/wp-json\/wp\/v2\/pages\/502\/revisions\/867"}],"wp:attachment":[{"href":"https:\/\/codic-lleida.com\/es\/wp-json\/wp\/v2\/media?parent=502"}],"curies":[{"name":"wp","href":"https:\/\/api.w.org\/{rel}","templated":true}]}}